{"id":2290,"date":"2022-05-04T16:17:05","date_gmt":"2022-05-04T14:17:05","guid":{"rendered":"https:\/\/los-family.de\/fachleute\/?page_id=2290"},"modified":"2022-05-04T16:19:17","modified_gmt":"2022-05-04T14:19:17","slug":"neuigkeiten-aus-dem-los-family-fachleuteportal","status":"publish","type":"page","link":"https:\/\/los-family.de\/fachleute\/neuigkeiten-aus-dem-los-family-fachleuteportal\/","title":{"rendered":"Neuigkeiten aus dem LOS-Family Fachleuteportal"},"content":{"rendered":"<div id=\"tdi_1\" class=\"tdc-row\"><div class=\"vc_row vc_custom_1528449532183 tdi_2  wpb_row td-pb-row\" >\n<style scoped>\n\n\/* tdc_composer_block - inline css att *\/\n.vc_custom_1528449532183{margin-right: 0px !important;margin-left: 0px !important;}\n\/* custom css *\/\n.tdi_2,\r\n                .tdi_2 .tdc-columns{\r\n                    min-height: 0;\r\n                }\n<\/style><div class=\"vc_column tdi_4  wpb_column vc_column_container tdc-column td-pb-span12\">\n<style scoped>\n\n\/* custom css *\/\n.tdi_4{\r\n                    vertical-align: baseline;\r\n                }\n<\/style><div class=\"wpb_wrapper\" >[vc_custom_heading text=&#8220;Neuigkeiten aus dem LOS-Family Fachleuteportal&#8220; use_theme_fonts=&#8220;yes&#8220; css_animation=&#8220;fadeInDown&#8220; css=&#8220;.vc_custom_1651673800433{margin-bottom: 20px !important;padding-top: 0px !important;padding-bottom: 0px !important;padding-left: 40px !important;}&#8220;]<div class=\"td_block_wrap td_block_12 tdi_5 td_with_ajax_pagination td-pb-border-top td_block_template_1\"  data-td-block-uid=\"tdi_5\" >\n<style>\n\/* custom css *\/\n.tdi_5 .td-post-vid-time{\r\n\t\t\t\t\tdisplay: block;\r\n\t\t\t\t}\n<\/style><script>var block_tdi_5 = new tdBlock();\nblock_tdi_5.id = \"tdi_5\";\nblock_tdi_5.atts = '{\"ajax_pagination\":\"infinite\",\"tdc_css\":\"\",\"block_type\":\"td_block_12\",\"separator\":\"\",\"custom_title\":\"\",\"custom_url\":\"\",\"title_tag\":\"\",\"block_template_id\":\"\",\"border_top\":\"\",\"color_preset\":\"\",\"m11_tl\":\"\",\"m11_title_tag\":\"\",\"m11_el\":\"\",\"post_ids\":\"\",\"category_id\":\"\",\"category_ids\":\"\",\"tag_slug\":\"\",\"autors_id\":\"\",\"installed_post_types\":\"\",\"sort\":\"\",\"limit\":\"5\",\"offset\":\"\",\"open_in_new_window\":\"\",\"show_modified_date\":\"\",\"video_popup\":\"\",\"video_rec\":\"\",\"video_rec_title\":\"\",\"show_vid_t\":\"block\",\"el_class\":\"\",\"td_ajax_filter_type\":\"\",\"td_ajax_filter_ids\":\"\",\"td_filter_default_txt\":\"All\",\"td_ajax_preloading\":\"\",\"f_header_font_header\":\"\",\"f_header_font_title\":\"Block header\",\"f_header_font_settings\":\"\",\"f_header_font_family\":\"\",\"f_header_font_size\":\"\",\"f_header_font_line_height\":\"\",\"f_header_font_style\":\"\",\"f_header_font_weight\":\"\",\"f_header_font_transform\":\"\",\"f_header_font_spacing\":\"\",\"f_header_\":\"\",\"f_ajax_font_title\":\"Ajax categories\",\"f_ajax_font_settings\":\"\",\"f_ajax_font_family\":\"\",\"f_ajax_font_size\":\"\",\"f_ajax_font_line_height\":\"\",\"f_ajax_font_style\":\"\",\"f_ajax_font_weight\":\"\",\"f_ajax_font_transform\":\"\",\"f_ajax_font_spacing\":\"\",\"f_ajax_\":\"\",\"f_more_font_title\":\"Load more button\",\"f_more_font_settings\":\"\",\"f_more_font_family\":\"\",\"f_more_font_size\":\"\",\"f_more_font_line_height\":\"\",\"f_more_font_style\":\"\",\"f_more_font_weight\":\"\",\"f_more_font_transform\":\"\",\"f_more_font_spacing\":\"\",\"f_more_\":\"\",\"m11f_title_font_header\":\"\",\"m11f_title_font_title\":\"Article title\",\"m11f_title_font_settings\":\"\",\"m11f_title_font_family\":\"\",\"m11f_title_font_size\":\"\",\"m11f_title_font_line_height\":\"\",\"m11f_title_font_style\":\"\",\"m11f_title_font_weight\":\"\",\"m11f_title_font_transform\":\"\",\"m11f_title_font_spacing\":\"\",\"m11f_title_\":\"\",\"m11f_cat_font_title\":\"Article category tag\",\"m11f_cat_font_settings\":\"\",\"m11f_cat_font_family\":\"\",\"m11f_cat_font_size\":\"\",\"m11f_cat_font_line_height\":\"\",\"m11f_cat_font_style\":\"\",\"m11f_cat_font_weight\":\"\",\"m11f_cat_font_transform\":\"\",\"m11f_cat_font_spacing\":\"\",\"m11f_cat_\":\"\",\"m11f_meta_font_title\":\"Article meta info\",\"m11f_meta_font_settings\":\"\",\"m11f_meta_font_family\":\"\",\"m11f_meta_font_size\":\"\",\"m11f_meta_font_line_height\":\"\",\"m11f_meta_font_style\":\"\",\"m11f_meta_font_weight\":\"\",\"m11f_meta_font_transform\":\"\",\"m11f_meta_font_spacing\":\"\",\"m11f_meta_\":\"\",\"m11f_ex_font_title\":\"Article excerpt\",\"m11f_ex_font_settings\":\"\",\"m11f_ex_font_family\":\"\",\"m11f_ex_font_size\":\"\",\"m11f_ex_font_line_height\":\"\",\"m11f_ex_font_style\":\"\",\"m11f_ex_font_weight\":\"\",\"m11f_ex_font_transform\":\"\",\"m11f_ex_font_spacing\":\"\",\"m11f_ex_\":\"\",\"m11f_btn_font_title\":\"Article read more button\",\"m11f_btn_font_settings\":\"\",\"m11f_btn_font_family\":\"\",\"m11f_btn_font_size\":\"\",\"m11f_btn_font_line_height\":\"\",\"m11f_btn_font_style\":\"\",\"m11f_btn_font_weight\":\"\",\"m11f_btn_font_transform\":\"\",\"m11f_btn_font_spacing\":\"\",\"m11f_btn_\":\"\",\"ajax_pagination_infinite_stop\":\"\",\"css\":\"\",\"td_column_number\":3,\"header_color\":\"\",\"ajax_pagination_next_prev_swipe\":\"\",\"class\":\"tdi_5\",\"tdc_css_class\":\"tdi_5\",\"tdc_css_class_style\":\"tdi_5_rand_style\"}';\nblock_tdi_5.td_column_number = \"3\";\nblock_tdi_5.block_type = \"td_block_12\";\nblock_tdi_5.post_count = \"5\";\nblock_tdi_5.found_posts = \"18\";\nblock_tdi_5.header_color = \"\";\nblock_tdi_5.ajax_pagination_infinite_stop = \"\";\nblock_tdi_5.max_num_pages = \"4\";\ntdBlocksArray.push(block_tdi_5);\n<\/script><div id=tdi_5 class=\"td_block_inner td-column-3\">\n\n\t<div class=\"td-block-span12\">\n\r\n        <div class=\"td_module_11 td_module_wrap td-animation-stack td-cpt-post\">\r\n            <div class=\"td-module-thumb\"><a href=\"https:\/\/los-family.de\/fachleute\/2025\/04\/03\/fachtag-beduerfnisorientierte-familienbegleitung-in-den-fruehen-hilfen-am-27-02-2025\/\"  rel=\"bookmark\" class=\"td-image-wrap \" title=\"Fachtag &#8222;Bed\u00fcrfnisorientierte Familienbegleitung in den Fr\u00fchen Hilfen&#8220; am 27.02.2025\" ><img loading=\"lazy\" decoding=\"async\" class=\"entry-thumb\" src=\"\" alt=\"\" title=\"Fachtag &#8222;Bed\u00fcrfnisorientierte Familienbegleitung in den Fr\u00fchen Hilfen&#8220; am 27.02.2025\" data-type=\"image_tag\" data-img-url=\"https:\/\/los-family.de\/fachleute\/wp-content\/uploads\/2025\/04\/20250227_091544-238x178.jpg\"  width=\"238\" height=\"178\" \/><\/a><\/div>            \r\n            <div class=\"item-details\">\r\n\r\n                <h3 class=\"entry-title td-module-title\"><a href=\"https:\/\/los-family.de\/fachleute\/2025\/04\/03\/fachtag-beduerfnisorientierte-familienbegleitung-in-den-fruehen-hilfen-am-27-02-2025\/\"  rel=\"bookmark\" title=\"Fachtag &#8222;Bed\u00fcrfnisorientierte Familienbegleitung in den Fr\u00fchen Hilfen&#8220; am 27.02.2025\">Fachtag &#8222;Bed\u00fcrfnisorientierte Familienbegleitung in den Fr\u00fchen Hilfen&#8220; am 27.02.2025<\/a><\/h3>                <div class=\"meta-info\">\r\n                                                            <span class=\"td-post-author-name\"><a href=\"https:\/\/los-family.de\/fachleute\/author\/kleinertj\/\">Jeanett Kleinert<\/a> <span>-<\/span> <\/span>                    <span class=\"td-post-date\"><time class=\"entry-date updated td-module-date\" datetime=\"2025-04-03T13:55:25+02:00\" >03. April 2025<\/time><\/span>                    <span class=\"td-module-comments\"><a href=\"https:\/\/los-family.de\/fachleute\/2025\/04\/03\/fachtag-beduerfnisorientierte-familienbegleitung-in-den-fruehen-hilfen-am-27-02-2025\/#respond\">0<\/a><\/span>                <\/div>\r\n\r\n                <div class=\"td-excerpt\">\r\n                    Am 27.02.2025 trafen sich Fachkr\u00e4fte der Fr\u00fchen Hilfen aus dem Landkreis Oder-Spree und angrenzender Landkreise sowie Frankfurt (Oder), um sich einem Thema zu widmen,...                <\/div>\r\n\r\n                <div class=\"td-read-more\">\r\n                    <a href=\"https:\/\/los-family.de\/fachleute\/2025\/04\/03\/fachtag-beduerfnisorientierte-familienbegleitung-in-den-fruehen-hilfen-am-27-02-2025\/\" >Weiterlesen<\/a>\r\n                <\/div>\r\n            <\/div>\r\n\r\n        <\/div>\r\n\r\n        \n\t<\/div> <!-- .\/td-block-span12 -->\n\n\t<div class=\"td-block-span12\">\n\r\n        <div class=\"td_module_11 td_module_wrap td-animation-stack td-cpt-post\">\r\n            <div class=\"td-module-thumb\"><a href=\"https:\/\/los-family.de\/fachleute\/2024\/08\/23\/aktionswoche-fasd\/\"  rel=\"bookmark\" class=\"td-image-wrap \" title=\"Aktionswoche FASD\" ><img loading=\"lazy\" decoding=\"async\" class=\"entry-thumb\" src=\"\" alt=\"\" title=\"Aktionswoche FASD\" data-type=\"image_tag\" data-img-url=\"https:\/\/los-family.de\/fachleute\/wp-content\/uploads\/2024\/08\/FASD-Deutschland-238x178.png\"  width=\"238\" height=\"178\" \/><\/a><\/div>            \r\n            <div class=\"item-details\">\r\n\r\n                <h3 class=\"entry-title td-module-title\"><a href=\"https:\/\/los-family.de\/fachleute\/2024\/08\/23\/aktionswoche-fasd\/\"  rel=\"bookmark\" title=\"Aktionswoche FASD\">Aktionswoche FASD<\/a><\/h3>                <div class=\"meta-info\">\r\n                                                            <span class=\"td-post-author-name\"><a href=\"https:\/\/los-family.de\/fachleute\/author\/kleinertj\/\">Jeanett Kleinert<\/a> <span>-<\/span> <\/span>                    <span class=\"td-post-date\"><time class=\"entry-date updated td-module-date\" datetime=\"2024-08-23T11:50:40+02:00\" >23. August 2024<\/time><\/span>                    <span class=\"td-module-comments\"><a href=\"https:\/\/los-family.de\/fachleute\/2024\/08\/23\/aktionswoche-fasd\/#respond\">0<\/a><\/span>                <\/div>\r\n\r\n                <div class=\"td-excerpt\">\r\n                    Vom 09.09. bis 16.09.2024 findet eine vom FASD Deutschland e.V. initiierte Aktionswoche statt, die viele Veranstaltungen in Pr\u00e4senz aber auch online anbietet.\r\n\r\nFASD: Fetal Alcohol...                <\/div>\r\n\r\n                <div class=\"td-read-more\">\r\n                    <a href=\"https:\/\/los-family.de\/fachleute\/2024\/08\/23\/aktionswoche-fasd\/\" >Weiterlesen<\/a>\r\n                <\/div>\r\n            <\/div>\r\n\r\n        <\/div>\r\n\r\n        \n\t<\/div> <!-- .\/td-block-span12 -->\n\n\t<div class=\"td-block-span12\">\n\r\n        <div class=\"td_module_11 td_module_wrap td-animation-stack td-cpt-post\">\r\n            <div class=\"td-module-thumb\"><a href=\"https:\/\/los-family.de\/fachleute\/2024\/07\/01\/eltern-kind-und-familienzentren-im-landkreis\/\"  rel=\"bookmark\" class=\"td-image-wrap \" title=\"Eltern-Kind-und Familienzentren im Landkreis\" ><img loading=\"lazy\" decoding=\"async\" class=\"entry-thumb\" src=\"\" alt=\"\" title=\"Eltern-Kind-und Familienzentren im Landkreis\" data-type=\"image_tag\" data-img-url=\"https:\/\/los-family.de\/fachleute\/wp-content\/uploads\/2024\/07\/Familienzentren-238x178.png\"  width=\"238\" height=\"178\" \/><\/a><\/div>            \r\n            <div class=\"item-details\">\r\n\r\n                <h3 class=\"entry-title td-module-title\"><a href=\"https:\/\/los-family.de\/fachleute\/2024\/07\/01\/eltern-kind-und-familienzentren-im-landkreis\/\"  rel=\"bookmark\" title=\"Eltern-Kind-und Familienzentren im Landkreis\">Eltern-Kind-und Familienzentren im Landkreis<\/a><\/h3>                <div class=\"meta-info\">\r\n                                                            <span class=\"td-post-author-name\"><a href=\"https:\/\/los-family.de\/fachleute\/author\/kleinertj\/\">Jeanett Kleinert<\/a> <span>-<\/span> <\/span>                    <span class=\"td-post-date\"><time class=\"entry-date updated td-module-date\" datetime=\"2024-07-01T14:02:49+02:00\" >01. Juli 2024<\/time><\/span>                    <span class=\"td-module-comments\"><a href=\"https:\/\/los-family.de\/fachleute\/2024\/07\/01\/eltern-kind-und-familienzentren-im-landkreis\/#respond\">0<\/a><\/span>                <\/div>\r\n\r\n                <div class=\"td-excerpt\">\r\n                    Eltern-Kind-Zentren im Landkreis Oder-Spree spielen eine entscheidende Rolle als Anlaufstelle f\u00fcr Familien, die nach Unterst\u00fctzung und Gemeinschaft suchen. Diese Zentren bieten einen Raum f\u00fcr...                <\/div>\r\n\r\n                <div class=\"td-read-more\">\r\n                    <a href=\"https:\/\/los-family.de\/fachleute\/2024\/07\/01\/eltern-kind-und-familienzentren-im-landkreis\/\" >Weiterlesen<\/a>\r\n                <\/div>\r\n            <\/div>\r\n\r\n        <\/div>\r\n\r\n        \n\t<\/div> <!-- .\/td-block-span12 -->\n\n\t<div class=\"td-block-span12\">\n\r\n        <div class=\"td_module_11 td_module_wrap td-animation-stack td-cpt-post\">\r\n            <div class=\"td-module-thumb\"><a href=\"https:\/\/los-family.de\/fachleute\/2023\/06\/12\/weltstillwoche-2023\/\"  rel=\"bookmark\" class=\"td-image-wrap \" title=\"Weltstillwoche 2023\" ><img loading=\"lazy\" decoding=\"async\" class=\"entry-thumb\" src=\"\" alt=\"\" title=\"Weltstillwoche 2023\" data-type=\"image_tag\" data-img-url=\"https:\/\/los-family.de\/fachleute\/wp-content\/uploads\/2023\/06\/IMG_3563-238x178.jpg\"  width=\"238\" height=\"178\" \/><\/a><\/div>            \r\n            <div class=\"item-details\">\r\n\r\n                <h3 class=\"entry-title td-module-title\"><a href=\"https:\/\/los-family.de\/fachleute\/2023\/06\/12\/weltstillwoche-2023\/\"  rel=\"bookmark\" title=\"Weltstillwoche 2023\">Weltstillwoche 2023<\/a><\/h3>                <div class=\"meta-info\">\r\n                                                            <span class=\"td-post-author-name\"><a href=\"https:\/\/los-family.de\/fachleute\/author\/kleinertj\/\">Jeanett Kleinert<\/a> <span>-<\/span> <\/span>                    <span class=\"td-post-date\"><time class=\"entry-date updated td-module-date\" datetime=\"2023-06-12T10:29:33+02:00\" >12. Juni 2023<\/time><\/span>                    <span class=\"td-module-comments\"><a href=\"https:\/\/los-family.de\/fachleute\/2023\/06\/12\/weltstillwoche-2023\/#respond\">0<\/a><\/span>                <\/div>\r\n\r\n                <div class=\"td-excerpt\">\r\n                    In diesem Jahr, und wie in jedem Jahr, findet die WSW in der 40. Kalenderwoche statt, vom 02.-08.10.2023.\r\n\r\nDas diesj\u00e4hrige Motto lautet:\u00a0\u201cStillen im Beruf \u2013...                <\/div>\r\n\r\n                <div class=\"td-read-more\">\r\n                    <a href=\"https:\/\/los-family.de\/fachleute\/2023\/06\/12\/weltstillwoche-2023\/\" >Weiterlesen<\/a>\r\n                <\/div>\r\n            <\/div>\r\n\r\n        <\/div>\r\n\r\n        \n\t<\/div> <!-- .\/td-block-span12 -->\n\n\t<div class=\"td-block-span12\">\n\r\n        <div class=\"td_module_11 td_module_wrap td-animation-stack td-cpt-post\">\r\n            <div class=\"td-module-thumb\"><a href=\"https:\/\/los-family.de\/fachleute\/2023\/03\/13\/kostenfreies-mittagessen-im-rahmen-des-bildungs-und-teilhabepakets\/\"  rel=\"bookmark\" class=\"td-image-wrap \" title=\"Kostenfreies Mittagessen im Rahmen des Bildungs- und Teilhabepakets\" ><img loading=\"lazy\" decoding=\"async\" class=\"entry-thumb\" src=\"\" alt=\"\" title=\"Kostenfreies Mittagessen im Rahmen des Bildungs- und Teilhabepakets\" data-type=\"image_tag\" data-img-url=\"https:\/\/los-family.de\/fachleute\/wp-content\/uploads\/2023\/03\/Schwangerenfruehstueck-238x178.jpg\"  width=\"238\" height=\"178\" \/><\/a><\/div>            \r\n            <div class=\"item-details\">\r\n\r\n                <h3 class=\"entry-title td-module-title\"><a href=\"https:\/\/los-family.de\/fachleute\/2023\/03\/13\/kostenfreies-mittagessen-im-rahmen-des-bildungs-und-teilhabepakets\/\"  rel=\"bookmark\" title=\"Kostenfreies Mittagessen im Rahmen des Bildungs- und Teilhabepakets\">Kostenfreies Mittagessen im Rahmen des Bildungs- und Teilhabepakets<\/a><\/h3>                <div class=\"meta-info\">\r\n                                                            <span class=\"td-post-author-name\"><a href=\"https:\/\/los-family.de\/fachleute\/author\/kleinertj\/\">Jeanett Kleinert<\/a> <span>-<\/span> <\/span>                    <span class=\"td-post-date\"><time class=\"entry-date updated td-module-date\" datetime=\"2023-03-13T14:39:43+01:00\" >13. M\u00e4rz 2023<\/time><\/span>                    <span class=\"td-module-comments\"><a href=\"https:\/\/los-family.de\/fachleute\/2023\/03\/13\/kostenfreies-mittagessen-im-rahmen-des-bildungs-und-teilhabepakets\/#respond\">0<\/a><\/span>                <\/div>\r\n\r\n                <div class=\"td-excerpt\">\r\n                    Kinder und Jugendliche brauchen ein ausgewogenes, gesundheitsf\u00f6rderliches Mittagessen, um fit und konzentriert durch den Tag zu kommen. Auch das soziale Miteinander in der Mittagspause...                <\/div>\r\n\r\n                <div class=\"td-read-more\">\r\n                    <a href=\"https:\/\/los-family.de\/fachleute\/2023\/03\/13\/kostenfreies-mittagessen-im-rahmen-des-bildungs-und-teilhabepakets\/\" >Weiterlesen<\/a>\r\n                <\/div>\r\n            <\/div>\r\n\r\n        <\/div>\r\n\r\n        \n\t<\/div> <!-- .\/td-block-span12 --><\/div><div class=\"td_ajax_infinite\" id=\"next-page-tdi_5\" data-td_block_id=\"tdi_5\"> <\/div><div class=\"td-load-more-wrap td-load-more-infinite-wrap\" id=\"infinite-lm-tdi_5\"><a href=\"#\" class=\"td_ajax_load_more td_ajax_load_more_js\" aria-label=\"load_more\" id=\"next-page-tdi_5\" data-td_block_id=\"tdi_5\">Mehr laden<i class=\"td-icon-font td-icon-menu-down\"><\/i><\/a><\/div><\/div> <!-- .\/block --><\/div><\/div><\/div><\/div>","protected":false},"excerpt":{"rendered":"[vc_custom_heading text=\"Neuigkeiten aus dem LOS-Family Fachleuteportal\" use_theme_fonts=\"yes\" css_animation=\"fadeInDown\" css=\".vc_custom_1651673800433{margin-bottom: 20px !important;padding-top: 0px !important;padding-bottom: 0px !important;padding-left: 40px !important;}\"] Fachtag &#8222;Bed\u00fcrfnisorientierte Familienbegleitung in den Fr\u00fchen Hilfen&#8220; am 27.02.2025 Jeanett Kleinert - 03. April 2025 0 Am 27.02.2025 trafen sich Fachkr\u00e4fte der Fr\u00fchen Hilfen aus dem Landkreis Oder-Spree und angrenzender Landkreise sowie Frankfurt (Oder), um sich einem Thema&hellip; <a class=\"continue\" href=\"https:\/\/los-family.de\/fachleute\/neuigkeiten-aus-dem-los-family-fachleuteportal\/\">Continue Reading<span> Neuigkeiten aus dem LOS-Family Fachleuteportal<\/span><\/a>","protected":false},"author":7,"featured_media":0,"parent":0,"menu_order":0,"comment_status":"open","ping_status":"open","template":"","meta":{"footnotes":""},"class_list":["post-2290","page","type-page","status-publish","hentry"],"yoast_head":"<!-- This site is optimized with the Yoast SEO plugin v27.5 - https:\/\/yoast.com\/product\/yoast-seo-wordpress\/ -->\n<title>Neuigkeiten aus dem LOS-Family Fachleuteportal &#8226; LOS-Family FACHLEUTE<\/title>\n<meta name=\"robots\" content=\"index, follow, max-snippet:-1, max-image-preview:large, max-video-preview:-1\" \/>\n<link rel=\"canonical\" href=\"https:\/\/los-family.de\/fachleute\/neuigkeiten-aus-dem-los-family-fachleuteportal\/\" \/>\n<meta property=\"og:locale\" content=\"de_DE\" \/>\n<meta property=\"og:type\" content=\"article\" \/>\n<meta property=\"og:title\" content=\"Neuigkeiten aus dem LOS-Family Fachleuteportal &#8226; LOS-Family FACHLEUTE\" \/>\n<meta property=\"og:url\" content=\"https:\/\/los-family.de\/fachleute\/neuigkeiten-aus-dem-los-family-fachleuteportal\/\" \/>\n<meta property=\"og:site_name\" content=\"LOS-Family FACHLEUTE\" \/>\n<meta property=\"article:modified_time\" content=\"2022-05-04T14:19:17+00:00\" \/>\n<meta name=\"twitter:card\" content=\"summary_large_image\" \/>\n<meta name=\"twitter:label1\" content=\"Gesch\u00e4tzte Lesezeit\" \/>\n\t<meta name=\"twitter:data1\" content=\"1\u00a0Minute\" \/>\n<script type=\"application\/ld+json\" class=\"yoast-schema-graph\">{\"@context\":\"https:\\\/\\\/schema.org\",\"@graph\":[{\"@type\":\"WebPage\",\"@id\":\"https:\\\/\\\/los-family.de\\\/fachleute\\\/neuigkeiten-aus-dem-los-family-fachleuteportal\\\/\",\"url\":\"https:\\\/\\\/los-family.de\\\/fachleute\\\/neuigkeiten-aus-dem-los-family-fachleuteportal\\\/\",\"name\":\"Neuigkeiten aus dem LOS-Family Fachleuteportal &#8226; LOS-Family FACHLEUTE\",\"isPartOf\":{\"@id\":\"https:\\\/\\\/los-family.de\\\/fachleute\\\/#website\"},\"datePublished\":\"2022-05-04T14:17:05+00:00\",\"dateModified\":\"2022-05-04T14:19:17+00:00\",\"breadcrumb\":{\"@id\":\"https:\\\/\\\/los-family.de\\\/fachleute\\\/neuigkeiten-aus-dem-los-family-fachleuteportal\\\/#breadcrumb\"},\"inLanguage\":\"de\",\"potentialAction\":[{\"@type\":\"ReadAction\",\"target\":[\"https:\\\/\\\/los-family.de\\\/fachleute\\\/neuigkeiten-aus-dem-los-family-fachleuteportal\\\/\"]}]},{\"@type\":\"BreadcrumbList\",\"@id\":\"https:\\\/\\\/los-family.de\\\/fachleute\\\/neuigkeiten-aus-dem-los-family-fachleuteportal\\\/#breadcrumb\",\"itemListElement\":[{\"@type\":\"ListItem\",\"position\":1,\"name\":\"Startseite\",\"item\":\"https:\\\/\\\/los-family.de\\\/fachleute\\\/\"},{\"@type\":\"ListItem\",\"position\":2,\"name\":\"Neuigkeiten aus dem LOS-Family Fachleuteportal\"}]},{\"@type\":\"WebSite\",\"@id\":\"https:\\\/\\\/los-family.de\\\/fachleute\\\/#website\",\"url\":\"https:\\\/\\\/los-family.de\\\/fachleute\\\/\",\"name\":\"LOS-Family FACHLEUTE\",\"description\":\"Das Netzwerk f\u00fcr &quot;Fr\u00fche Hilfen&quot; im LOS\",\"potentialAction\":[{\"@type\":\"SearchAction\",\"target\":{\"@type\":\"EntryPoint\",\"urlTemplate\":\"https:\\\/\\\/los-family.de\\\/fachleute\\\/?s={search_term_string}\"},\"query-input\":{\"@type\":\"PropertyValueSpecification\",\"valueRequired\":true,\"valueName\":\"search_term_string\"}}],\"inLanguage\":\"de\"}]}<\/script>\n<!-- \/ Yoast SEO plugin. -->","yoast_head_json":{"title":"Neuigkeiten aus dem LOS-Family Fachleuteportal &#8226; LOS-Family FACHLEUTE","robots":{"index":"index","follow":"follow","max-snippet":"max-snippet:-1","max-image-preview":"max-image-preview:large","max-video-preview":"max-video-preview:-1"},"canonical":"https:\/\/los-family.de\/fachleute\/neuigkeiten-aus-dem-los-family-fachleuteportal\/","og_locale":"de_DE","og_type":"article","og_title":"Neuigkeiten aus dem LOS-Family Fachleuteportal &#8226; LOS-Family FACHLEUTE","og_url":"https:\/\/los-family.de\/fachleute\/neuigkeiten-aus-dem-los-family-fachleuteportal\/","og_site_name":"LOS-Family FACHLEUTE","article_modified_time":"2022-05-04T14:19:17+00:00","twitter_card":"summary_large_image","twitter_misc":{"Gesch\u00e4tzte Lesezeit":"1\u00a0Minute"},"schema":{"@context":"https:\/\/schema.org","@graph":[{"@type":"WebPage","@id":"https:\/\/los-family.de\/fachleute\/neuigkeiten-aus-dem-los-family-fachleuteportal\/","url":"https:\/\/los-family.de\/fachleute\/neuigkeiten-aus-dem-los-family-fachleuteportal\/","name":"Neuigkeiten aus dem LOS-Family Fachleuteportal &#8226; LOS-Family FACHLEUTE","isPartOf":{"@id":"https:\/\/los-family.de\/fachleute\/#website"},"datePublished":"2022-05-04T14:17:05+00:00","dateModified":"2022-05-04T14:19:17+00:00","breadcrumb":{"@id":"https:\/\/los-family.de\/fachleute\/neuigkeiten-aus-dem-los-family-fachleuteportal\/#breadcrumb"},"inLanguage":"de","potentialAction":[{"@type":"ReadAction","target":["https:\/\/los-family.de\/fachleute\/neuigkeiten-aus-dem-los-family-fachleuteportal\/"]}]},{"@type":"BreadcrumbList","@id":"https:\/\/los-family.de\/fachleute\/neuigkeiten-aus-dem-los-family-fachleuteportal\/#breadcrumb","itemListElement":[{"@type":"ListItem","position":1,"name":"Startseite","item":"https:\/\/los-family.de\/fachleute\/"},{"@type":"ListItem","position":2,"name":"Neuigkeiten aus dem LOS-Family Fachleuteportal"}]},{"@type":"WebSite","@id":"https:\/\/los-family.de\/fachleute\/#website","url":"https:\/\/los-family.de\/fachleute\/","name":"LOS-Family FACHLEUTE","description":"Das Netzwerk f\u00fcr &quot;Fr\u00fche Hilfen&quot; im LOS","potentialAction":[{"@type":"SearchAction","target":{"@type":"EntryPoint","urlTemplate":"https:\/\/los-family.de\/fachleute\/?s={search_term_string}"},"query-input":{"@type":"PropertyValueSpecification","valueRequired":true,"valueName":"search_term_string"}}],"inLanguage":"de"}]}},"_links":{"self":[{"href":"https:\/\/los-family.de\/fachleute\/wp-json\/wp\/v2\/pages\/2290","targetHints":{"allow":["GET"]}}],"collection":[{"href":"https:\/\/los-family.de\/fachleute\/wp-json\/wp\/v2\/pages"}],"about":[{"href":"https:\/\/los-family.de\/fachleute\/wp-json\/wp\/v2\/types\/page"}],"author":[{"embeddable":true,"href":"https:\/\/los-family.de\/fachleute\/wp-json\/wp\/v2\/users\/7"}],"replies":[{"embeddable":true,"href":"https:\/\/los-family.de\/fachleute\/wp-json\/wp\/v2\/comments?post=2290"}],"version-history":[{"count":4,"href":"https:\/\/los-family.de\/fachleute\/wp-json\/wp\/v2\/pages\/2290\/revisions"}],"predecessor-version":[{"id":2294,"href":"https:\/\/los-family.de\/fachleute\/wp-json\/wp\/v2\/pages\/2290\/revisions\/2294"}],"wp:attachment":[{"href":"https:\/\/los-family.de\/fachleute\/wp-json\/wp\/v2\/media?parent=2290"}],"curies":[{"name":"wp","href":"https:\/\/api.w.org\/{rel}","templated":true}]}}